{"id":97,"date":"2022-11-24T11:48:58","date_gmt":"2022-11-24T10:48:58","guid":{"rendered":"https:\/\/missiondelacharitecongo.org\/?page_id=97"},"modified":"2025-11-11T10:44:44","modified_gmt":"2025-11-11T09:44:44","slug":"accueil","status":"publish","type":"page","link":"https:\/\/missiondelacharitecongo.org\/en\/","title":{"rendered":"Home"},"content":{"rendered":"<div data-elementor-type=\"wp-page\" data-elementor-id=\"97\" class=\"elementor elementor-97\">\n\t\t\t\t\t\t\t\t\t<section class=\"elementor-section elementor-top-section elementor-element elementor-element-18956ed elementor-section-full_width elementor-section-height-min-height elementor-section-items-top elementor-section-height-default\" data-id=\"18956ed\" data-element_type=\"section\" data-settings=\"{&quot;background_background&quot;:&quot;classic&quot;}\">\n\t\t\t\t\t\t<div class=\"elementor-container elementor-column-gap-default\">\n\t\t\t\t\t<div class=\"elementor-column elementor-col-50 elementor-top-column elementor-element elementor-element-acda308\" data-id=\"acda308\" data-element_type=\"column\">\n\t\t\t<div class=\"elementor-widget-wrap elementor-element-populated\">\n\t\t\t\t\t\t\t\t<div class=\"elementor-element elementor-element-605df85 elementor-invisible elementor-widget elementor-widget-heading\" data-id=\"605df85\" data-element_type=\"widget\" data-settings=\"{&quot;_animation&quot;:&quot;fadeInDown&quot;}\" data-widget_type=\"heading.default\">\n\t\t\t\t<div class=\"elementor-widget-container\">\n\t\t\t<style>\/*! elementor - v3.8.1 - 13-11-2022 *\/\n.elementor-heading-title{padding:0;margin:0;line-height:1}.elementor-widget-heading .elementor-heading-title[class*=elementor-size-]>a{color:inherit;font-size:inherit;line-height:inherit}.elementor-widget-heading .elementor-heading-title.elementor-size-small{font-size:15px}.elementor-widget-heading .elementor-heading-title.elementor-size-medium{font-size:19px}.elementor-widget-heading .elementor-heading-title.elementor-size-large{font-size:29px}.elementor-widget-heading .elementor-heading-title.elementor-size-xl{font-size:39px}.elementor-widget-heading .elementor-heading-title.elementor-size-xxl{font-size:59px}<\/style><h2 class=\"elementor-heading-title elementor-size-default\">WELCOME<br> \nTO THE <br>\nM.C.A.H<\/h2>\t\t<\/div>\n\t\t\t\t<\/div>\n\t\t\t\t<div class=\"elementor-element elementor-element-5a5aabf elementor-invisible elementor-widget elementor-widget-heading\" data-id=\"5a5aabf\" data-element_type=\"widget\" data-settings=\"{&quot;_animation&quot;:&quot;fadeInLeft&quot;}\" data-widget_type=\"heading.default\">\n\t\t\t\t<div class=\"elementor-widget-container\">\n\t\t\t<h2 class=\"elementor-heading-title elementor-size-default\">MISSION OF THE HUMANITARIAN ASSOCIATION CHARITY<\/h2>\t\t<\/div>\n\t\t\t\t<\/div>\n\t\t\t\t\t<\/div>\n\t\t<\/div>\n\t\t\t\t<div class=\"elementor-column elementor-col-50 elementor-top-column elementor-element elementor-element-e347803\" data-id=\"e347803\" data-element_type=\"column\">\n\t\t\t<div class=\"elementor-widget-wrap elementor-element-populated\">\n\t\t\t\t\t\t\t\t\t<\/div>\n\t\t<\/div>\n\t\t\t\t\t\t\t<\/div>\n\t\t<\/section>\n\t\t\t\t<section class=\"elementor-section elementor-top-section elementor-element elementor-element-4a803e13 elementor-section-boxed elementor-section-height-default elementor-section-height-default\" data-id=\"4a803e13\" data-element_type=\"section\">\n\t\t\t\t\t\t<div class=\"elementor-container elementor-column-gap-default\">\n\t\t\t\t\t<div class=\"elementor-column elementor-col-100 elementor-top-column elementor-element elementor-element-7d42e7fc\" data-id=\"7d42e7fc\" data-element_type=\"column\">\n\t\t\t<div class=\"elementor-widget-wrap elementor-element-populated\">\n\t\t\t\t\t\t\t\t<div class=\"elementor-element elementor-element-31ab6cd elementor-widget elementor-widget-menu-anchor\" data-id=\"31ab6cd\" data-element_type=\"widget\" data-widget_type=\"menu-anchor.default\">\n\t\t\t\t<div class=\"elementor-widget-container\">\n\t\t\t<style>\/*! elementor - v3.8.1 - 13-11-2022 *\/\nbody.elementor-page .elementor-widget-menu-anchor{margin-bottom:0}<\/style>\t\t<div id=\"Qui-sommes-nous\" class=\"elementor-menu-anchor\"><\/div>\n\t\t\t\t<\/div>\n\t\t\t\t<\/div>\n\t\t\t\t<div class=\"elementor-element elementor-element-211820f1 elementor-widget elementor-widget-elementskit-heading\" data-id=\"211820f1\" data-element_type=\"widget\" data-widget_type=\"elementskit-heading.default\">\n\t\t\t\t<div class=\"elementor-widget-container\">\n\t\t\t<div class=\"ekit-wid-con\" ><div class=\"ekit-heading elementskit-section-title-wraper text_left   ekit_heading_tablet-   ekit_heading_mobile-\"><h2 class=\"ekit-heading--title elementskit-section-title\">\n\t\t\t\t\tWHO ARE WE?\n\t\t\t\t\t<\/h2><div class=\"ekit_heading_separetor_wraper ekit_heading_elementskit-border-divider\"><div class=\"elementskit-border-divider\"><\/div><\/div>\t\t\t\t<div class='ekit-heading__description'>\n\t\t\t\t\t<p>Charity Mission is a humanitarian Association created in 2010 by Mr.\u00a0<strong>Nazaire BAHOUNA<\/strong>, inspired by the spirit of sharing and charity. Its head office is in Pointe-Noire in the Koufoli district in the Republic of Congo. It meets the provisions of the law of July 1, 1901.<\/p>\n\t\t\t\t<\/div>\n\t\t\t<\/div><\/div>\t\t<\/div>\n\t\t\t\t<\/div>\n\t\t\t\t<section class=\"elementor-section elementor-inner-section elementor-element elementor-element-fd4d1ec elementor-section-boxed elementor-section-height-default elementor-section-height-default\" data-id=\"fd4d1ec\" data-element_type=\"section\">\n\t\t\t\t\t\t<div class=\"elementor-container elementor-column-gap-default\">\n\t\t\t\t\t<div class=\"elementor-column elementor-col-33 elementor-inner-column elementor-element elementor-element-6d5e701a\" data-id=\"6d5e701a\" data-element_type=\"column\">\n\t\t\t<div class=\"elementor-widget-wrap elementor-element-populated\">\n\t\t\t\t\t\t\t\t<div class=\"elementor-element elementor-element-2c664847 ekit-equal-height-disable elementor-widget elementor-widget-elementskit-icon-box\" data-id=\"2c664847\" data-element_type=\"widget\" data-widget_type=\"elementskit-icon-box.default\">\n\t\t\t\t<div class=\"elementor-widget-container\">\n\t\t\t<div class=\"ekit-wid-con\" >        <!-- link opening -->\n                <!-- end link opening -->\n\n        <div class=\"elementskit-infobox text-center text- icon-top-align elementor-animation-\">\n                    <div class=\"elementskit-box-header elementor-animation-\">\n                <div class=\"elementskit-info-box-icon\">\n                    <i aria-hidden=\"true\" class=\"elementkit-infobox-icon fas fa-hand-holding-heart\"><\/i>\n                <\/div>\n          <\/div>\n                        <div class=\"box-body\">\n                            <h3 class=\"elementskit-info-box-title\">\n                    FAIRE UN DON                <\/h3>\n                        \t\t  <p>Dear benefactor, give with joy what you have, the Mission de la Charit\u00e9 Action Humanitaire (MCAH) reassures you that it will give to whom it may concern. The MCAH is counting on you to support the poor, because you are the essential link in our chain of solidarity, giving hope and courage to the poor by assisting them.<\/p>\n                                <\/div>\n        \n        \n                <\/div>\n        <\/div>\t\t<\/div>\n\t\t\t\t<\/div>\n\t\t\t\t\t<\/div>\n\t\t<\/div>\n\t\t\t\t<div class=\"elementor-column elementor-col-33 elementor-inner-column elementor-element elementor-element-6c12064f\" data-id=\"6c12064f\" data-element_type=\"column\">\n\t\t\t<div class=\"elementor-widget-wrap elementor-element-populated\">\n\t\t\t\t\t\t\t\t<div class=\"elementor-element elementor-element-8859136 ekit-equal-height-enable elementor-widget elementor-widget-elementskit-icon-box\" data-id=\"8859136\" data-element_type=\"widget\" data-widget_type=\"elementskit-icon-box.default\">\n\t\t\t\t<div class=\"elementor-widget-container\">\n\t\t\t<div class=\"ekit-wid-con\" >        <!-- link opening -->\n                <!-- end link opening -->\n\n        <div class=\"elementskit-infobox text-center text- icon-top-align elementor-animation-\">\n                    <div class=\"elementskit-box-header elementor-animation-\">\n                <div class=\"elementskit-info-box-icon\">\n                    <i aria-hidden=\"true\" class=\"elementkit-infobox-icon fas fa-hands-helping\"><\/i>\n                <\/div>\n          <\/div>\n                        <div class=\"box-body\">\n                            <h3 class=\"elementskit-info-box-title\">\n                    DEVENIR BENEVOL                <\/h3>\n                        \t\t  <p>You are welcome at the Charity Mission. Founded on the spirit of sharing and charity, the MCAH is open to all, without distinction of nationality, social condition or faith. It works alongside people affected by poverty and exclusion in Congo Brazzaville.<\/p>\n                                <\/div>\n        \n        \n                <\/div>\n        <\/div>\t\t<\/div>\n\t\t\t\t<\/div>\n\t\t\t\t\t<\/div>\n\t\t<\/div>\n\t\t\t\t<div class=\"elementor-column elementor-col-33 elementor-inner-column elementor-element elementor-element-7420be07\" data-id=\"7420be07\" data-element_type=\"column\">\n\t\t\t<div class=\"elementor-widget-wrap elementor-element-populated\">\n\t\t\t\t\t\t\t\t<div class=\"elementor-element elementor-element-20e01e9b ekit-equal-height-enable elementor-widget elementor-widget-elementskit-icon-box\" data-id=\"20e01e9b\" data-element_type=\"widget\" data-widget_type=\"elementskit-icon-box.default\">\n\t\t\t\t<div class=\"elementor-widget-container\">\n\t\t\t<div class=\"ekit-wid-con\" >        <!-- link opening -->\n                <!-- end link opening -->\n\n        <div class=\"elementskit-infobox text-center text- icon-top-align elementor-animation-\">\n                    <div class=\"elementskit-box-header elementor-animation-\">\n                <div class=\"elementskit-info-box-icon\">\n                    <i aria-hidden=\"true\" class=\"elementkit-infobox-icon fas fa-users\"><\/i>\n                <\/div>\n          <\/div>\n                        <div class=\"box-body\">\n                            <h3 class=\"elementskit-info-box-title\">\n                    NOUS REJOINDRE                <\/h3>\n                        \t\t  <p>Want to join us? Contact us as soon as possible. To join the Mission de la Charit\u00e9: Accept the statutory texts, complete the membership form, provide a copy of the identity document, provide two identity format photo cards.<\/p>\n                                <\/div>\n        \n        \n                <\/div>\n        <\/div>\t\t<\/div>\n\t\t\t\t<\/div>\n\t\t\t\t\t<\/div>\n\t\t<\/div>\n\t\t\t\t\t\t\t<\/div>\n\t\t<\/section>\n\t\t\t\t\t<\/div>\n\t\t<\/div>\n\t\t\t\t\t\t\t<\/div>\n\t\t<\/section>\n\t\t\t\t<section class=\"elementor-section elementor-top-section elementor-element elementor-element-ca40e26 elementor-section-boxed elementor-section-height-default elementor-section-height-default\" data-id=\"ca40e26\" data-element_type=\"section\">\n\t\t\t\t\t\t<div class=\"elementor-container elementor-column-gap-default\">\n\t\t\t\t\t<div class=\"elementor-column elementor-col-50 elementor-top-column elementor-element elementor-element-1694964\" data-id=\"1694964\" data-element_type=\"column\">\n\t\t\t<div class=\"elementor-widget-wrap elementor-element-populated\">\n\t\t\t\t\t\t\t\t<div class=\"elementor-element elementor-element-cb91c34 elementor-widget elementor-widget-heading\" data-id=\"cb91c34\" data-element_type=\"widget\" data-widget_type=\"heading.default\">\n\t\t\t\t<div class=\"elementor-widget-container\">\n\t\t\t<h2 class=\"elementor-heading-title elementor-size-default\">Every year, the Mission de la Charit\u00e9 comes to the aid of the poorest and unemployed people.<\/h2>\t\t<\/div>\n\t\t\t\t<\/div>\n\t\t\t\t\t<\/div>\n\t\t<\/div>\n\t\t\t\t<div class=\"elementor-column elementor-col-50 elementor-top-column elementor-element elementor-element-c3fed8d\" data-id=\"c3fed8d\" data-element_type=\"column\">\n\t\t\t<div class=\"elementor-widget-wrap elementor-element-populated\">\n\t\t\t\t\t\t\t\t<div class=\"elementor-element elementor-element-25e30fe elementor-widget elementor-widget-image\" data-id=\"25e30fe\" data-element_type=\"widget\" data-widget_type=\"image.default\">\n\t\t\t\t<div class=\"elementor-widget-container\">\n\t\t\t<style>\/*! elementor - v3.8.1 - 13-11-2022 *\/\n.elementor-widget-image{text-align:center}.elementor-widget-image a{display:inline-block}.elementor-widget-image a img[src$=\".svg\"]{width:48px}.elementor-widget-image img{vertical-align:middle;display:inline-block}<\/style>\t\t\t\t\t\t\t\t\t\t\t\t<img width=\"1024\" height=\"768\" src=\"https:\/\/missiondelacharitecongo.org\/wp-content\/uploads\/2022\/11\/visite_team_mcah-1024x768.jpg\" class=\"attachment-large size-large\" alt=\"\" loading=\"lazy\" srcset=\"https:\/\/missiondelacharitecongo.org\/wp-content\/uploads\/2022\/11\/visite_team_mcah-1024x768.jpg 1024w, https:\/\/missiondelacharitecongo.org\/wp-content\/uploads\/2022\/11\/visite_team_mcah-300x225.jpg 300w, https:\/\/missiondelacharitecongo.org\/wp-content\/uploads\/2022\/11\/visite_team_mcah-768x576.jpg 768w, https:\/\/missiondelacharitecongo.org\/wp-content\/uploads\/2022\/11\/visite_team_mcah.jpg 1080w\" sizes=\"(max-width: 1024px) 100vw, 1024px\" \/>\t\t\t\t\t\t\t\t\t\t\t\t\t\t\t<\/div>\n\t\t\t\t<\/div>\n\t\t\t\t\t<\/div>\n\t\t<\/div>\n\t\t\t\t\t\t\t<\/div>\n\t\t<\/section>\n\t\t\t\t<section class=\"elementor-section elementor-top-section elementor-element elementor-element-2b1fd38 elementor-section-boxed elementor-section-height-default elementor-section-height-default\" data-id=\"2b1fd38\" data-element_type=\"section\" data-settings=\"{&quot;background_background&quot;:&quot;classic&quot;}\">\n\t\t\t\t\t\t<div class=\"elementor-container elementor-column-gap-default\">\n\t\t\t\t\t<div class=\"elementor-column elementor-col-100 elementor-top-column elementor-element elementor-element-ae825ea\" data-id=\"ae825ea\" data-element_type=\"column\">\n\t\t\t<div class=\"elementor-widget-wrap elementor-element-populated\">\n\t\t\t\t\t\t\t\t<div class=\"elementor-element elementor-element-5d9a5e8 elementor-widget elementor-widget-menu-anchor\" data-id=\"5d9a5e8\" data-element_type=\"widget\" data-widget_type=\"menu-anchor.default\">\n\t\t\t\t<div class=\"elementor-widget-container\">\n\t\t\t\t\t<div id=\"Nos-objectifs\" class=\"elementor-menu-anchor\"><\/div>\n\t\t\t\t<\/div>\n\t\t\t\t<\/div>\n\t\t\t\t<div class=\"elementor-element elementor-element-a5e3d44 elementor-widget elementor-widget-elementskit-heading\" data-id=\"a5e3d44\" data-element_type=\"widget\" data-widget_type=\"elementskit-heading.default\">\n\t\t\t\t<div class=\"elementor-widget-container\">\n\t\t\t<div class=\"ekit-wid-con\" ><div class=\"ekit-heading elementskit-section-title-wraper text_left   ekit_heading_tablet-   ekit_heading_mobile-\"><h2 class=\"ekit-heading--title elementskit-section-title\">\n\t\t\t\t\tOUR GOALS\n\t\t\t\t\t<\/h2><div class=\"ekit_heading_separetor_wraper ekit_heading_elementskit-border-divider\"><div class=\"elementskit-border-divider\"><\/div><\/div>\t\t\t\t<div class='ekit-heading__description'>\n\t\t\t\t\t<p>The prevention of disasters, the fight against poverty, assisting unemployed social strata, encouraging social initiatives among disabled people, providing moral and material support for the occupation of unemployed young people in order to improve their living conditions.<\/p>\n\t\t\t\t<\/div>\n\t\t\t<\/div><\/div>\t\t<\/div>\n\t\t\t\t<\/div>\n\t\t\t\t<section class=\"elementor-section elementor-inner-section elementor-element elementor-element-d11dbf6 elementor-section-boxed elementor-section-height-default elementor-section-height-default\" data-id=\"d11dbf6\" data-element_type=\"section\">\n\t\t\t\t\t\t<div class=\"elementor-container elementor-column-gap-default\">\n\t\t\t\t\t<div class=\"elementor-column elementor-col-33 elementor-inner-column elementor-element elementor-element-e4afe46\" data-id=\"e4afe46\" data-element_type=\"column\">\n\t\t\t<div class=\"elementor-widget-wrap elementor-element-populated\">\n\t\t\t\t\t\t\t\t<div class=\"elementor-element elementor-element-94d8454 e-transform e-transform e-transform e-transform ekit-equal-height-disable elementor-widget elementor-widget-elementskit-image-box\" data-id=\"94d8454\" data-element_type=\"widget\" data-settings=\"{&quot;_transform_rotateZ_effect_hover&quot;:{&quot;unit&quot;:&quot;px&quot;,&quot;size&quot;:&quot;&quot;,&quot;sizes&quot;:[]},&quot;_transform_rotateZ_effect_hover_tablet&quot;:{&quot;unit&quot;:&quot;px&quot;,&quot;size&quot;:&quot;&quot;,&quot;sizes&quot;:[]},&quot;_transform_rotateZ_effect_hover_mobile&quot;:{&quot;unit&quot;:&quot;px&quot;,&quot;size&quot;:&quot;&quot;,&quot;sizes&quot;:[]},&quot;_transform_translateX_effect_hover&quot;:{&quot;unit&quot;:&quot;px&quot;,&quot;size&quot;:&quot;&quot;,&quot;sizes&quot;:[]},&quot;_transform_translateX_effect_hover_tablet&quot;:{&quot;unit&quot;:&quot;px&quot;,&quot;size&quot;:&quot;&quot;,&quot;sizes&quot;:[]},&quot;_transform_translateX_effect_hover_mobile&quot;:{&quot;unit&quot;:&quot;px&quot;,&quot;size&quot;:&quot;&quot;,&quot;sizes&quot;:[]},&quot;_transform_translateY_effect_hover&quot;:{&quot;unit&quot;:&quot;px&quot;,&quot;size&quot;:&quot;&quot;,&quot;sizes&quot;:[]},&quot;_transform_translateY_effect_hover_tablet&quot;:{&quot;unit&quot;:&quot;px&quot;,&quot;size&quot;:&quot;&quot;,&quot;sizes&quot;:[]},&quot;_transform_translateY_effect_hover_mobile&quot;:{&quot;unit&quot;:&quot;px&quot;,&quot;size&quot;:&quot;&quot;,&quot;sizes&quot;:[]},&quot;_transform_scale_effect_hover&quot;:{&quot;unit&quot;:&quot;px&quot;,&quot;size&quot;:&quot;&quot;,&quot;sizes&quot;:[]},&quot;_transform_scale_effect_hover_tablet&quot;:{&quot;unit&quot;:&quot;px&quot;,&quot;size&quot;:&quot;&quot;,&quot;sizes&quot;:[]},&quot;_transform_scale_effect_hover_mobile&quot;:{&quot;unit&quot;:&quot;px&quot;,&quot;size&quot;:&quot;&quot;,&quot;sizes&quot;:[]},&quot;_transform_skewX_effect_hover&quot;:{&quot;unit&quot;:&quot;px&quot;,&quot;size&quot;:&quot;&quot;,&quot;sizes&quot;:[]},&quot;_transform_skewX_effect_hover_tablet&quot;:{&quot;unit&quot;:&quot;px&quot;,&quot;size&quot;:&quot;&quot;,&quot;sizes&quot;:[]},&quot;_transform_skewX_effect_hover_mobile&quot;:{&quot;unit&quot;:&quot;px&quot;,&quot;size&quot;:&quot;&quot;,&quot;sizes&quot;:[]},&quot;_transform_skewY_effect_hover&quot;:{&quot;unit&quot;:&quot;px&quot;,&quot;size&quot;:&quot;&quot;,&quot;sizes&quot;:[]},&quot;_transform_skewY_effect_hover_tablet&quot;:{&quot;unit&quot;:&quot;px&quot;,&quot;size&quot;:&quot;&quot;,&quot;sizes&quot;:[]},&quot;_transform_skewY_effect_hover_mobile&quot;:{&quot;unit&quot;:&quot;px&quot;,&quot;size&quot;:&quot;&quot;,&quot;sizes&quot;:[]}}\" data-widget_type=\"elementskit-image-box.default\">\n\t\t\t\t<div class=\"elementor-widget-container\">\n\t\t\t<div class=\"ekit-wid-con\" >\n            <div class=\"elementskit-info-image-box ekit-image-box text-left style-sideline\" >\n\n                \n                <div class=\"elementskit-box-header image-box-img-left\">\n\n                    <img width=\"800\" height=\"820\" src=\"https:\/\/missiondelacharitecongo.org\/wp-content\/uploads\/2022\/11\/item_sante.png\" class=\"attachment-full size-full\" alt=\"\" loading=\"lazy\" srcset=\"https:\/\/missiondelacharitecongo.org\/wp-content\/uploads\/2022\/11\/item_sante.png 800w, https:\/\/missiondelacharitecongo.org\/wp-content\/uploads\/2022\/11\/item_sante-293x300.png 293w, https:\/\/missiondelacharitecongo.org\/wp-content\/uploads\/2022\/11\/item_sante-768x787.png 768w\" sizes=\"(max-width: 800px) 100vw, 800px\" \/>\n                <\/div>\n                \n                <div class=\"elementskit-box-body ekit-image-box-body\">\n                    <div class=\"elementskit-box-content ekit-image-box-body-inner\">\n                                                <h3 class=\"elementskit-info-box-title\">\n\n                        \n                        HEALTH\n                        \n                    <\/h3>\n                                                            <div class=\"elementskit-box-style-content\">\n                        Put the human being at the center by aiming for his well-being and his development.                    <\/div>\n                                    <\/div>\n\n                            <\/div>\n            <\/div>\n    <\/div>\t\t<\/div>\n\t\t\t\t<\/div>\n\t\t\t\t\t<\/div>\n\t\t<\/div>\n\t\t\t\t<div class=\"elementor-column elementor-col-33 elementor-inner-column elementor-element elementor-element-085fa8f\" data-id=\"085fa8f\" data-element_type=\"column\">\n\t\t\t<div class=\"elementor-widget-wrap elementor-element-populated\">\n\t\t\t\t\t\t\t\t<div class=\"elementor-element elementor-element-37f45f5 ekit-equal-height-disable elementor-widget elementor-widget-elementskit-image-box\" data-id=\"37f45f5\" data-element_type=\"widget\" data-widget_type=\"elementskit-image-box.default\">\n\t\t\t\t<div class=\"elementor-widget-container\">\n\t\t\t<div class=\"ekit-wid-con\" >\n            <div class=\"elementskit-info-image-box ekit-image-box text-left style-sideline\" >\n\n                \n                <div class=\"elementskit-box-header image-box-img-left\">\n\n                    <img width=\"800\" height=\"820\" src=\"https:\/\/missiondelacharitecongo.org\/wp-content\/uploads\/2022\/11\/item_social2.png\" class=\"attachment-full size-full\" alt=\"\" loading=\"lazy\" srcset=\"https:\/\/missiondelacharitecongo.org\/wp-content\/uploads\/2022\/11\/item_social2.png 800w, https:\/\/missiondelacharitecongo.org\/wp-content\/uploads\/2022\/11\/item_social2-293x300.png 293w, https:\/\/missiondelacharitecongo.org\/wp-content\/uploads\/2022\/11\/item_social2-768x787.png 768w\" sizes=\"(max-width: 800px) 100vw, 800px\" \/>\n                <\/div>\n                \n                <div class=\"elementskit-box-body ekit-image-box-body\">\n                    <div class=\"elementskit-box-content ekit-image-box-body-inner\">\n                                                <h3 class=\"elementskit-info-box-title\">\n\n                        \n                        SOCIAL INTERVENTION\n                        \n                    <\/h3>\n                                                            <div class=\"elementskit-box-style-content\">\n                        Help unemployed young people take charge of themselves and give them the means to launch themselves into the labor market.                    <\/div>\n                                    <\/div>\n\n                            <\/div>\n            <\/div>\n    <\/div>\t\t<\/div>\n\t\t\t\t<\/div>\n\t\t\t\t\t<\/div>\n\t\t<\/div>\n\t\t\t\t<div class=\"elementor-column elementor-col-33 elementor-inner-column elementor-element elementor-element-9580715\" data-id=\"9580715\" data-element_type=\"column\">\n\t\t\t<div class=\"elementor-widget-wrap elementor-element-populated\">\n\t\t\t\t\t\t\t\t<div class=\"elementor-element elementor-element-438b93c ekit-equal-height-disable elementor-widget elementor-widget-elementskit-image-box\" data-id=\"438b93c\" data-element_type=\"widget\" data-widget_type=\"elementskit-image-box.default\">\n\t\t\t\t<div class=\"elementor-widget-container\">\n\t\t\t<div class=\"ekit-wid-con\" >\n            <div class=\"elementskit-info-image-box ekit-image-box text-left style-sideline\" >\n\n                \n                <div class=\"elementskit-box-header image-box-img-left\">\n\n                    <img width=\"800\" height=\"820\" src=\"https:\/\/missiondelacharitecongo.org\/wp-content\/uploads\/2022\/11\/item_social.jpg\" class=\"attachment-full size-full\" alt=\"\" loading=\"lazy\" srcset=\"https:\/\/missiondelacharitecongo.org\/wp-content\/uploads\/2022\/11\/item_social.jpg 800w, https:\/\/missiondelacharitecongo.org\/wp-content\/uploads\/2022\/11\/item_social-293x300.jpg 293w, https:\/\/missiondelacharitecongo.org\/wp-content\/uploads\/2022\/11\/item_social-768x787.jpg 768w\" sizes=\"(max-width: 800px) 100vw, 800px\" \/>\n                <\/div>\n                \n                <div class=\"elementskit-box-body ekit-image-box-body\">\n                    <div class=\"elementskit-box-content ekit-image-box-body-inner\">\n                                                <h3 class=\"elementskit-info-box-title\">\n\n                        \n                        EDUCATION\n                        \n                    <\/h3>\n                                                            <div class=\"elementskit-box-style-content\">\n                        Qualifying training in sewing and hairdressing for disadvantaged young people.                    <\/div>\n                                    <\/div>\n\n                            <\/div>\n            <\/div>\n    <\/div>\t\t<\/div>\n\t\t\t\t<\/div>\n\t\t\t\t\t<\/div>\n\t\t<\/div>\n\t\t\t\t\t\t\t<\/div>\n\t\t<\/section>\n\t\t\t\t\t<\/div>\n\t\t<\/div>\n\t\t\t\t\t\t\t<\/div>\n\t\t<\/section>\n\t\t\t\t<section class=\"elementor-section elementor-top-section elementor-element elementor-element-r6b5ato elementor-section-boxed elementor-section-height-default elementor-section-height-default\" data-id=\"r6b5ato\" data-element_type=\"section\" data-settings=\"{&quot;background_background&quot;:&quot;classic&quot;}\">\n\t\t\t\t\t\t\t<div class=\"elementor-background-overlay\"><\/div>\n\t\t\t\t\t\t\t<div class=\"elementor-container elementor-column-gap-no\">\n\t\t\t\t\t<div class=\"elementor-column elementor-col-100 elementor-top-column elementor-element elementor-element-8f7ba64\" data-id=\"8f7ba64\" data-element_type=\"column\">\n\t\t\t<div class=\"elementor-widget-wrap elementor-element-populated\">\n\t\t\t\t\t\t\t\t<div class=\"elementor-element elementor-element-2a2f0e0 elementor-view-default elementor-widget elementor-widget-icon\" data-id=\"2a2f0e0\" data-element_type=\"widget\" data-widget_type=\"icon.default\">\n\t\t\t\t<div class=\"elementor-widget-container\">\n\t\t\t\t\t<div class=\"elementor-icon-wrapper\">\n\t\t\t<div class=\"elementor-icon\">\n\t\t\t<i aria-hidden=\"true\" class=\"fas fa-quote-left\"><\/i>\t\t\t<\/div>\n\t\t<\/div>\n\t\t\t\t<\/div>\n\t\t\t\t<\/div>\n\t\t\t\t<div class=\"elementor-element elementor-element-234ccd0 elementor-widget elementor-widget-testimonial\" data-id=\"234ccd0\" data-element_type=\"widget\" data-widget_type=\"testimonial.default\">\n\t\t\t\t<div class=\"elementor-widget-container\">\n\t\t\t<style>\/*! elementor - v3.8.1 - 13-11-2022 *\/\n.elementor-testimonial-wrapper{overflow:hidden;text-align:center}.elementor-testimonial-wrapper .elementor-testimonial-content{font-size:1.3em;margin-bottom:20px}.elementor-testimonial-wrapper .elementor-testimonial-name{line-height:1.5;display:block}.elementor-testimonial-wrapper .elementor-testimonial-job{font-size:.85em;display:block}.elementor-testimonial-wrapper .elementor-testimonial-meta{width:100%;line-height:1}.elementor-testimonial-wrapper .elementor-testimonial-meta-inner{display:inline-block}.elementor-testimonial-wrapper .elementor-testimonial-meta .elementor-testimonial-details,.elementor-testimonial-wrapper .elementor-testimonial-meta .elementor-testimonial-image{display:table-cell;vertical-align:middle}.elementor-testimonial-wrapper .elementor-testimonial-meta .elementor-testimonial-image img{width:60px;height:60px;border-radius:50%;-o-object-fit:cover;object-fit:cover;max-width:none}.elementor-testimonial-wrapper .elementor-testimonial-meta.elementor-testimonial-image-position-aside .elementor-testimonial-image{padding-right:15px}.elementor-testimonial-wrapper .elementor-testimonial-meta.elementor-testimonial-image-position-aside .elementor-testimonial-details{text-align:left}.elementor-testimonial-wrapper .elementor-testimonial-meta.elementor-testimonial-image-position-top .elementor-testimonial-details,.elementor-testimonial-wrapper .elementor-testimonial-meta.elementor-testimonial-image-position-top .elementor-testimonial-image{display:block}.elementor-testimonial-wrapper .elementor-testimonial-meta.elementor-testimonial-image-position-top .elementor-testimonial-image{margin-bottom:20px}<\/style>\t\t<div class=\"elementor-testimonial-wrapper\">\n\t\t\t\t\t\t\t<div class=\"elementor-testimonial-content\">Agissez envers les autres comme vous aimeriez qu'ils agissent envers vous. Partagez jusqu'\u00e0 en avoir mal car l'amour en acte paye bien.<\/div>\n\t\t\t\n\t\t\t\t\t\t<div class=\"elementor-testimonial-meta elementor-has-image elementor-testimonial-image-position-aside\">\n\t\t\t\t<div class=\"elementor-testimonial-meta-inner\">\n\t\t\t\t\t\t\t\t\t\t\t<div class=\"elementor-testimonial-image\">\n\t\t\t\t\t\t\t<img width=\"218\" height=\"216\" src=\"https:\/\/missiondelacharitecongo.org\/wp-content\/uploads\/2022\/11\/Nazaire_Bahouna_mcah.png\" class=\"attachment-full size-full\" alt=\"\" loading=\"lazy\" \/>\t\t\t\t\t\t<\/div>\n\t\t\t\t\t\n\t\t\t\t\t\t\t\t\t\t<div class=\"elementor-testimonial-details\">\n\t\t\t\t\t\t\t\t\t\t\t\t\t\t<div class=\"elementor-testimonial-name\">Nazaire BAHOUNA<\/div>\n\t\t\t\t\t\t\t\t\t\t\t\t\t\t\t\t\t\t\t\t\t\t<div class=\"elementor-testimonial-job\">Founder of MCAH<\/div>\n\t\t\t\t\t\t\t\t\t\t\t\t\t<\/div>\n\t\t\t\t\t\t\t\t\t<\/div>\n\t\t\t<\/div>\n\t\t\t\t\t<\/div>\n\t\t\t\t<\/div>\n\t\t\t\t<\/div>\n\t\t\t\t\t<\/div>\n\t\t<\/div>\n\t\t\t\t\t\t\t<\/div>\n\t\t<\/section>\n\t\t\t\t\t\t\t<\/div>","protected":false},"excerpt":{"rendered":"<p>BIENVENUE A LA M.C.A.H MISSION DE LA CHARITE ASSOCIATION HUMANITAIRE QUI SOMMES NOUS? Mission de la charit\u00e9 est une Association humanitaire cr\u00e9\u00e9e en 2010 par Monsieur\u00a0Nazaire BAHOUNA, inspir\u00e9 par l\u2019esprit du partage et de la charit\u00e9. Son si\u00e8ge social est \u00e0 Pointe-Noire au quartier Koufoli en R\u00e9publique du Congo. Elle r\u00e9pond aux dispositions de la &hellip;<\/p>\n<p class=\"read-more\"> <a class=\"\" href=\"https:\/\/missiondelacharitecongo.org\/en\/\"> <span class=\"screen-reader-text\">Home<\/span> Read More &raquo;<\/a><\/p>","protected":false},"author":1,"featured_media":0,"parent":0,"menu_order":0,"comment_status":"closed","ping_status":"closed","template":"","meta":{"site-sidebar-layout":"no-sidebar","site-content-layout":"page-builder","ast-global-header-display":"","ast-main-header-display":"","ast-hfb-above-header-display":"","ast-hfb-below-header-display":"","ast-hfb-mobile-header-display":"","site-post-title":"disabled","ast-breadcrumbs-content":"","ast-featured-img":"disabled","footer-sml-layout":"","theme-transparent-header-meta":"","adv-header-id-meta":"","stick-header-meta":"","header-above-stick-meta":"","header-main-stick-meta":"","header-below-stick-meta":""},"yoast_head":"<!-- This site is optimized with the Yoast SEO plugin v19.7.1 - https:\/\/yoast.com\/wordpress\/plugins\/seo\/ -->\n<title>Accueil - Mission de la charit\u00e9 congo<\/title>\n<meta name=\"robots\" content=\"index, follow, max-snippet:-1, max-image-preview:large, max-video-preview:-1\" \/>\n<link rel=\"canonical\" href=\"https:\/\/missiondelacharitecongo.org\/en\/\" \/>\n<meta property=\"og:locale\" content=\"en_US\" \/>\n<meta property=\"og:type\" content=\"article\" \/>\n<meta property=\"og:title\" content=\"Accueil - Mission de la charit\u00e9 congo\" \/>\n<meta property=\"og:description\" content=\"BIENVENUE A LA M.C.A.H MISSION DE LA CHARITE ASSOCIATION HUMANITAIRE QUI SOMMES NOUS? Mission de la charit\u00e9 est une Association humanitaire cr\u00e9\u00e9e en 2010 par Monsieur\u00a0Nazaire BAHOUNA, inspir\u00e9 par l\u2019esprit du partage et de la charit\u00e9. Son si\u00e8ge social est \u00e0 Pointe-Noire au quartier Koufoli en R\u00e9publique du Congo. Elle r\u00e9pond aux dispositions de la &hellip; Accueil Read More &raquo;\" \/>\n<meta property=\"og:url\" content=\"https:\/\/missiondelacharitecongo.org\/en\/\" \/>\n<meta property=\"og:site_name\" content=\"Mission de la charit\u00e9 congo\" \/>\n<meta property=\"article:modified_time\" content=\"2025-11-11T09:44:44+00:00\" \/>\n<meta property=\"og:image\" content=\"https:\/\/missiondelacharitecongo.org\/wp-content\/uploads\/2022\/11\/visite_team_mcah-1024x768.jpg\" \/>\n<meta name=\"twitter:label1\" content=\"Est. reading time\" \/>\n\t<meta name=\"twitter:data1\" content=\"3 minutes\" \/>\n<script type=\"application\/ld+json\" class=\"yoast-schema-graph\">{\"@context\":\"https:\/\/schema.org\",\"@graph\":[{\"@type\":\"WebPage\",\"@id\":\"https:\/\/missiondelacharitecongo.org\/\",\"url\":\"https:\/\/missiondelacharitecongo.org\/\",\"name\":\"Accueil - Mission de la charit\u00e9 congo\",\"isPartOf\":{\"@id\":\"https:\/\/missiondelacharitecongo.org\/#website\"},\"datePublished\":\"2022-11-24T10:48:58+00:00\",\"dateModified\":\"2025-11-11T09:44:44+00:00\",\"breadcrumb\":{\"@id\":\"https:\/\/missiondelacharitecongo.org\/#breadcrumb\"},\"inLanguage\":\"en-US\",\"potentialAction\":[{\"@type\":\"ReadAction\",\"target\":[\"https:\/\/missiondelacharitecongo.org\/\"]}]},{\"@type\":\"BreadcrumbList\",\"@id\":\"https:\/\/missiondelacharitecongo.org\/#breadcrumb\",\"itemListElement\":[{\"@type\":\"ListItem\",\"position\":1,\"name\":\"Accueil\",\"item\":\"https:\/\/missiondelacharitecongo.org\/\"},{\"@type\":\"ListItem\",\"position\":2,\"name\":\"Accueil\"}]},{\"@type\":\"WebSite\",\"@id\":\"https:\/\/missiondelacharitecongo.org\/#website\",\"url\":\"https:\/\/missiondelacharitecongo.org\/\",\"name\":\"Mission de la charit\u00e9 congo\",\"description\":\"\",\"publisher\":{\"@id\":\"https:\/\/missiondelacharitecongo.org\/#organization\"},\"potentialAction\":[{\"@type\":\"SearchAction\",\"target\":{\"@type\":\"EntryPoint\",\"urlTemplate\":\"https:\/\/missiondelacharitecongo.org\/?s={search_term_string}\"},\"query-input\":\"required name=search_term_string\"}],\"inLanguage\":\"en-US\"},{\"@type\":\"Organization\",\"@id\":\"https:\/\/missiondelacharitecongo.org\/#organization\",\"name\":\"Mission de la charit\u00e9 congo\",\"url\":\"https:\/\/missiondelacharitecongo.org\/\",\"sameAs\":[],\"logo\":{\"@type\":\"ImageObject\",\"inLanguage\":\"en-US\",\"@id\":\"https:\/\/missiondelacharitecongo.org\/#\/schema\/logo\/image\/\",\"url\":\"https:\/\/missiondelacharitecongo.org\/wp-content\/uploads\/2022\/11\/cropped-Logo_avec_texte2.png\",\"contentUrl\":\"https:\/\/missiondelacharitecongo.org\/wp-content\/uploads\/2022\/11\/cropped-Logo_avec_texte2.png\",\"width\":200,\"height\":90,\"caption\":\"Mission de la charit\u00e9 congo\"},\"image\":{\"@id\":\"https:\/\/missiondelacharitecongo.org\/#\/schema\/logo\/image\/\"}}]}<\/script>\n<!-- \/ Yoast SEO plugin. -->","yoast_head_json":{"title":"Accueil - Mission de la charit\u00e9 congo","robots":{"index":"index","follow":"follow","max-snippet":"max-snippet:-1","max-image-preview":"max-image-preview:large","max-video-preview":"max-video-preview:-1"},"canonical":"https:\/\/missiondelacharitecongo.org\/en\/","og_locale":"en_US","og_type":"article","og_title":"Accueil - Mission de la charit\u00e9 congo","og_description":"BIENVENUE A LA M.C.A.H MISSION DE LA CHARITE ASSOCIATION HUMANITAIRE QUI SOMMES NOUS? Mission de la charit\u00e9 est une Association humanitaire cr\u00e9\u00e9e en 2010 par Monsieur\u00a0Nazaire BAHOUNA, inspir\u00e9 par l\u2019esprit du partage et de la charit\u00e9. Son si\u00e8ge social est \u00e0 Pointe-Noire au quartier Koufoli en R\u00e9publique du Congo. Elle r\u00e9pond aux dispositions de la &hellip; Accueil Read More &raquo;","og_url":"https:\/\/missiondelacharitecongo.org\/en\/","og_site_name":"Mission de la charit\u00e9 congo","article_modified_time":"2025-11-11T09:44:44+00:00","og_image":[{"url":"https:\/\/missiondelacharitecongo.org\/wp-content\/uploads\/2022\/11\/visite_team_mcah-1024x768.jpg"}],"twitter_misc":{"Est. reading time":"3 minutes"},"schema":{"@context":"https:\/\/schema.org","@graph":[{"@type":"WebPage","@id":"https:\/\/missiondelacharitecongo.org\/","url":"https:\/\/missiondelacharitecongo.org\/","name":"Accueil - Mission de la charit\u00e9 congo","isPartOf":{"@id":"https:\/\/missiondelacharitecongo.org\/#website"},"datePublished":"2022-11-24T10:48:58+00:00","dateModified":"2025-11-11T09:44:44+00:00","breadcrumb":{"@id":"https:\/\/missiondelacharitecongo.org\/#breadcrumb"},"inLanguage":"en-US","potentialAction":[{"@type":"ReadAction","target":["https:\/\/missiondelacharitecongo.org\/"]}]},{"@type":"BreadcrumbList","@id":"https:\/\/missiondelacharitecongo.org\/#breadcrumb","itemListElement":[{"@type":"ListItem","position":1,"name":"Accueil","item":"https:\/\/missiondelacharitecongo.org\/"},{"@type":"ListItem","position":2,"name":"Accueil"}]},{"@type":"WebSite","@id":"https:\/\/missiondelacharitecongo.org\/#website","url":"https:\/\/missiondelacharitecongo.org\/","name":"Mission de la charit\u00e9 congo","description":"","publisher":{"@id":"https:\/\/missiondelacharitecongo.org\/#organization"},"potentialAction":[{"@type":"SearchAction","target":{"@type":"EntryPoint","urlTemplate":"https:\/\/missiondelacharitecongo.org\/?s={search_term_string}"},"query-input":"required name=search_term_string"}],"inLanguage":"en-US"},{"@type":"Organization","@id":"https:\/\/missiondelacharitecongo.org\/#organization","name":"Mission de la charit\u00e9 congo","url":"https:\/\/missiondelacharitecongo.org\/","sameAs":[],"logo":{"@type":"ImageObject","inLanguage":"en-US","@id":"https:\/\/missiondelacharitecongo.org\/#\/schema\/logo\/image\/","url":"https:\/\/missiondelacharitecongo.org\/wp-content\/uploads\/2022\/11\/cropped-Logo_avec_texte2.png","contentUrl":"https:\/\/missiondelacharitecongo.org\/wp-content\/uploads\/2022\/11\/cropped-Logo_avec_texte2.png","width":200,"height":90,"caption":"Mission de la charit\u00e9 congo"},"image":{"@id":"https:\/\/missiondelacharitecongo.org\/#\/schema\/logo\/image\/"}}]}},"_links":{"self":[{"href":"https:\/\/missiondelacharitecongo.org\/en\/wp-json\/wp\/v2\/pages\/97"}],"collection":[{"href":"https:\/\/missiondelacharitecongo.org\/en\/wp-json\/wp\/v2\/pages"}],"about":[{"href":"https:\/\/missiondelacharitecongo.org\/en\/wp-json\/wp\/v2\/types\/page"}],"author":[{"embeddable":true,"href":"https:\/\/missiondelacharitecongo.org\/en\/wp-json\/wp\/v2\/users\/1"}],"replies":[{"embeddable":true,"href":"https:\/\/missiondelacharitecongo.org\/en\/wp-json\/wp\/v2\/comments?post=97"}],"version-history":[{"count":217,"href":"https:\/\/missiondelacharitecongo.org\/en\/wp-json\/wp\/v2\/pages\/97\/revisions"}],"predecessor-version":[{"id":777,"href":"https:\/\/missiondelacharitecongo.org\/en\/wp-json\/wp\/v2\/pages\/97\/revisions\/777"}],"wp:attachment":[{"href":"https:\/\/missiondelacharitecongo.org\/en\/wp-json\/wp\/v2\/media?parent=97"}],"curies":[{"name":"wp","href":"https:\/\/api.w.org\/{rel}","templated":true}]}}